{"id":148,"date":"2022-12-20T12:32:06","date_gmt":"2022-12-20T11:32:06","guid":{"rendered":"https:\/\/cuc.carnet.hr\/2023\/?page_id=148"},"modified":"2025-09-04T10:59:28","modified_gmt":"2025-09-04T08:59:28","slug":"poziv-za-radove","status":"publish","type":"page","link":"https:\/\/cuc.carnet.hr\/2023\/poziv-za-radove\/","title":{"rendered":"Poziv za radove"},"content":{"rendered":"\t\t<div data-elementor-type=\"wp-page\" data-elementor-id=\"148\" class=\"elementor elementor-148\">\n\t\t\t\t\t\t\t\t\t<section class=\"elementor-section elementor-top-section elementor-element elementor-element-38699fe8 elementor-section-boxed elementor-section-height-default elementor-section-height-default\" data-id=\"38699fe8\" data-element_type=\"section\">\n\t\t\t\t\t\t<div class=\"elementor-container elementor-column-gap-default\">\n\t\t\t\t\t<div class=\"elementor-column elementor-col-100 elementor-top-column elementor-element elementor-element-a395a26\" data-id=\"a395a26\" data-element_type=\"column\">\n\t\t\t<div class=\"elementor-widget-wrap elementor-element-populated\">\n\t\t\t\t\t\t\t\t<div class=\"elementor-element elementor-element-52c1f30c elementor-widget elementor-widget-text-editor\" data-id=\"52c1f30c\" data-element_type=\"widget\" data-widget_type=\"text-editor.default\">\n\t\t\t\t<div class=\"elementor-widget-container\">\n\t\t\t<style>\/*! elementor - v3.12.0 - 29-03-2023 *\/\n.elementor-widget-text-editor.elementor-drop-cap-view-stacked .elementor-drop-cap{background-color:#69727d;color:#fff}.elementor-widget-text-editor.elementor-drop-cap-view-framed .elementor-drop-cap{color:#69727d;border:3px solid;background-color:transparent}.elementor-widget-text-editor:not(.elementor-drop-cap-view-default) .elementor-drop-cap{margin-top:8px}.elementor-widget-text-editor:not(.elementor-drop-cap-view-default) .elementor-drop-cap-letter{width:1em;height:1em}.elementor-widget-text-editor .elementor-drop-cap{float:left;text-align:center;line-height:1;font-size:50px}.elementor-widget-text-editor .elementor-drop-cap-letter{display:inline-block}<\/style>\t\t\t\t\t\t\t\t\t\t<\/div>\n\t\t\t\t<\/div>\n\t\t\t\t<div class=\"elementor-element elementor-element-de1437d elementor-widget elementor-widget-spacer\" data-id=\"de1437d\" data-element_type=\"widget\" data-widget_type=\"spacer.default\">\n\t\t\t\t<div class=\"elementor-widget-container\">\n\t\t\t<style>\/*! elementor - v3.12.0 - 29-03-2023 *\/\n.elementor-column .elementor-spacer-inner{height:var(--spacer-size)}.e-con{--container-widget-width:100%}.e-con-inner>.elementor-widget-spacer,.e-con>.elementor-widget-spacer{width:var(--container-widget-width,var(--spacer-size));--align-self:var(--container-widget-align-self,initial);--flex-shrink:0}.e-con-inner>.elementor-widget-spacer>.elementor-widget-container,.e-con-inner>.elementor-widget-spacer>.elementor-widget-container>.elementor-spacer,.e-con>.elementor-widget-spacer>.elementor-widget-container,.e-con>.elementor-widget-spacer>.elementor-widget-container>.elementor-spacer{height:100%}.e-con-inner>.elementor-widget-spacer>.elementor-widget-container>.elementor-spacer>.elementor-spacer-inner,.e-con>.elementor-widget-spacer>.elementor-widget-container>.elementor-spacer>.elementor-spacer-inner{height:var(--container-widget-height,var(--spacer-size))}<\/style>\t\t<div class=\"elementor-spacer\">\n\t\t\t<div class=\"elementor-spacer-inner\"><\/div>\n\t\t<\/div>\n\t\t\t\t<\/div>\n\t\t\t\t<\/div>\n\t\t\t\t<div class=\"elementor-element elementor-element-55f264b elementor-widget elementor-widget-heading\" data-id=\"55f264b\" data-element_type=\"widget\" data-widget_type=\"heading.default\">\n\t\t\t\t<div class=\"elementor-widget-container\">\n\t\t\t<style>\/*! elementor - v3.12.0 - 29-03-2023 *\/\n.elementor-heading-title{padding:0;margin:0;line-height:1}.elementor-widget-heading .elementor-heading-title[class*=elementor-size-]>a{color:inherit;font-size:inherit;line-height:inherit}.elementor-widget-heading .elementor-heading-title.elementor-size-small{font-size:15px}.elementor-widget-heading .elementor-heading-title.elementor-size-medium{font-size:19px}.elementor-widget-heading .elementor-heading-title.elementor-size-large{font-size:29px}.elementor-widget-heading .elementor-heading-title.elementor-size-xl{font-size:39px}.elementor-widget-heading .elementor-heading-title.elementor-size-xxl{font-size:59px}<\/style><h2 class=\"elementor-heading-title elementor-size-default\">Poziv za radove<\/h2>\t\t<\/div>\n\t\t\t\t<\/div>\n\t\t\t\t<div class=\"elementor-element elementor-element-6802e95 elementor-widget elementor-widget-text-editor\" data-id=\"6802e95\" data-element_type=\"widget\" data-widget_type=\"text-editor.default\">\n\t\t\t\t<div class=\"elementor-widget-container\">\n\t\t\t\t\t\t\t<p>Prijave za radove su zatvorene!<\/p>\n<p>Rezultati recenzije bit \u0107e objavljeni <strong>17. velja\u010de 2023.<\/strong><\/p>\t\t\t\t\t\t<\/div>\n\t\t\t\t<\/div>\n\t\t\t\t<div class=\"elementor-element elementor-element-da0c42c elementor-widget elementor-widget-heading\" data-id=\"da0c42c\" data-element_type=\"widget\" data-widget_type=\"heading.default\">\n\t\t\t\t<div class=\"elementor-widget-container\">\n\t\t\t<h2 class=\"elementor-heading-title elementor-size-default\">Teme<\/h2>\t\t<\/div>\n\t\t\t\t<\/div>\n\t\t\t\t<div class=\"elementor-element elementor-element-7bef5d9 elementor-widget elementor-widget-accordion\" data-id=\"7bef5d9\" data-element_type=\"widget\" data-widget_type=\"accordion.default\">\n\t\t\t\t<div class=\"elementor-widget-container\">\n\t\t\t<style>\/*! elementor - v3.12.0 - 29-03-2023 *\/\n.elementor-accordion{text-align:left}.elementor-accordion .elementor-accordion-item{border:1px solid #d5d8dc}.elementor-accordion .elementor-accordion-item+.elementor-accordion-item{border-top:none}.elementor-accordion .elementor-tab-title{margin:0;padding:15px 20px;font-weight:700;line-height:1;cursor:pointer;outline:none}.elementor-accordion .elementor-tab-title .elementor-accordion-icon{display:inline-block;width:1.5em}.elementor-accordion .elementor-tab-title .elementor-accordion-icon svg{width:1em;height:1em}.elementor-accordion .elementor-tab-title .elementor-accordion-icon.elementor-accordion-icon-right{float:right;text-align:right}.elementor-accordion .elementor-tab-title .elementor-accordion-icon.elementor-accordion-icon-left{float:left;text-align:left}.elementor-accordion .elementor-tab-title .elementor-accordion-icon .elementor-accordion-icon-closed{display:block}.elementor-accordion .elementor-tab-title .elementor-accordion-icon .elementor-accordion-icon-opened,.elementor-accordion .elementor-tab-title.elementor-active .elementor-accordion-icon-closed{display:none}.elementor-accordion .elementor-tab-title.elementor-active .elementor-accordion-icon-opened{display:block}.elementor-accordion .elementor-tab-content{display:none;padding:15px 20px;border-top:1px solid #d5d8dc}@media (max-width:767px){.elementor-accordion .elementor-tab-title{padding:12px 15px}.elementor-accordion .elementor-tab-title .elementor-accordion-icon{width:1.2em}.elementor-accordion .elementor-tab-content{padding:7px 15px}}.e-con-inner>.elementor-widget-accordion,.e-con>.elementor-widget-accordion{width:var(--container-widget-width);--flex-grow:var(--container-widget-flex-grow)}<\/style>\t\t<div class=\"elementor-accordion\" role=\"tablist\">\n\t\t\t\t\t\t\t<div class=\"elementor-accordion-item\">\n\t\t\t\t\t<div id=\"elementor-tab-title-1291\" class=\"elementor-tab-title\" data-tab=\"1\" role=\"tab\" aria-controls=\"elementor-tab-content-1291\" aria-expanded=\"false\">\n\t\t\t\t\t\t\t\t\t\t\t\t\t<span class=\"elementor-accordion-icon elementor-accordion-icon-left\" aria-hidden=\"true\">\n\t\t\t\t\t\t\t\t\t\t\t\t\t\t\t<span class=\"elementor-accordion-icon-closed\"><i class=\"fas fa-plus\"><\/i><\/span>\n\t\t\t\t\t\t\t\t<span class=\"elementor-accordion-icon-opened\"><i class=\"fas fa-minus\"><\/i><\/span>\n\t\t\t\t\t\t\t\t\t\t\t\t\t\t<\/span>\n\t\t\t\t\t\t\t\t\t\t\t\t<a class=\"elementor-accordion-title\" href=\"\">1. Digitalna osna\u017eenost<\/a>\n\t\t\t\t\t<\/div>\n\t\t\t\t\t<div id=\"elementor-tab-content-1291\" class=\"elementor-tab-content elementor-clearfix\" data-tab=\"1\" role=\"tabpanel\" aria-labelledby=\"elementor-tab-title-1291\"><p>Podru\u010dja koja obuhva\u0107a: Digitalna zrelost \u0161kola, kontinuirani profesionalni razvoj i kontinuirano unaprje\u0111enje digitalnih kompetencija odgojno-obrazovnih djelatnika i u\u010denika, dijeljenje znanja, vr\u0161nja\u010dko u\u010denje i globalno umre\u017eavanje, sigurnosni aspekti i upravljanje digitalno zrelim \u0161kolama, digitalna transformacija nenastavnih procesa<\/p><ul><li class=\"block-editor-rich-text__editable rich-text\" role=\"textbox\" aria-label=\"Tekst liste\">Digitalna zrelost \u0161kole, put prema digitalnoj zrelosti, digitalno sazrijevanje kao stalan proces i sastavni dio cjelo\u017eivotnog u\u010denja za kontinuirani razvoj digitalnih kompetencija svih dionika odgojno-obrazovnog procesa, uloga ravnatelja i stru\u010dnih suradnika u digitalnom sazrijevanju, digitalna transformacija nenastavnih, poslovnih procesa i koncepata<\/li><li class=\"block-editor-rich-text__editable rich-text\" role=\"textbox\" aria-label=\"Tekst liste\">Suradnja i ostvareni ishodi izme\u0111u \u0161kola i u zajednici, povezanost i globalno umre\u017eavanje, virtualne zajednice prakti\u010dara, pru\u017eanje podr\u0161ke (unutar i izvan \u0161kole, mentorstvo \u0161kola \u0161koli), prakse razmjene znanja, \u0161kolski timovi, vr\u0161nja\u010dko u\u010denje, novi na\u010dini sudjelovanja na MOOC-ovima uz studijske grupe za u\u010denje<\/li><li class=\"block-editor-rich-text__editable rich-text\" role=\"textbox\" aria-label=\"Tekst liste\">Iskustva i prakse kori\u0161tenja ra\u010dunalne opreme, razvijanje navike dijeljenja resursa, sigurnosni aspekti na razini cijele \u0161kole, za\u0161tita osobnih podataka, prikupljanje i dijeljenje podataka, upravljanje informacijama, upravljanje, odr\u017eavanje i kori\u0161tenje opreme<\/li><\/ul><\/div>\n\t\t\t\t<\/div>\n\t\t\t\t\t\t\t<div class=\"elementor-accordion-item\">\n\t\t\t\t\t<div id=\"elementor-tab-title-1292\" class=\"elementor-tab-title\" data-tab=\"2\" role=\"tab\" aria-controls=\"elementor-tab-content-1292\" aria-expanded=\"false\">\n\t\t\t\t\t\t\t\t\t\t\t\t\t<span class=\"elementor-accordion-icon elementor-accordion-icon-left\" aria-hidden=\"true\">\n\t\t\t\t\t\t\t\t\t\t\t\t\t\t\t<span class=\"elementor-accordion-icon-closed\"><i class=\"fas fa-plus\"><\/i><\/span>\n\t\t\t\t\t\t\t\t<span class=\"elementor-accordion-icon-opened\"><i class=\"fas fa-minus\"><\/i><\/span>\n\t\t\t\t\t\t\t\t\t\t\t\t\t\t<\/span>\n\t\t\t\t\t\t\t\t\t\t\t\t<a class=\"elementor-accordion-title\" href=\"\">2. Digitalna nastava<\/a>\n\t\t\t\t\t<\/div>\n\t\t\t\t\t<div id=\"elementor-tab-content-1292\" class=\"elementor-tab-content elementor-clearfix\" data-tab=\"2\" role=\"tabpanel\" aria-labelledby=\"elementor-tab-title-1292\"><p>Podru\u010dja koja obuhva\u0107a: Digitalni sadr\u017eaji &#8211; otvoreni obrazovni sadr\u017eaji razvijeni tijekom projekta e-\u0160kole, pedago\u0161ka uporaba digitalnih tehnologija, primjena inovacija u pedago\u0161koj praksi, sigurnost na internetu, igrifikacija i ozbiljne igre.<\/p><ul id=\"block-f2b9af2a-d08d-419b-868b-3e2a1491f959\" class=\"block-editor-block-list__block wp-block has-child-selected wp-block-list block-editor-block-list__layout\" role=\"document\" aria-label=\"Blok: Lista\" data-block=\"f2b9af2a-d08d-419b-868b-3e2a1491f959\" data-type=\"core\/list\" data-title=\"Lista\" data-is-drop-zone=\"true\"><li id=\"block-eb319e1c-ce14-4d35-9bd4-b3a85c46f571\" class=\"block-editor-block-list__block wp-block is-multi-selected is-partially-selected wp-block-list-item block-editor-block-list__layout is-hovered\" role=\"document\" aria-label=\"Blok: Stavka liste\" data-block=\"eb319e1c-ce14-4d35-9bd4-b3a85c46f571\" data-type=\"core\/list-item\" data-title=\"Stavka liste\"><div class=\"block-editor-rich-text__editable rich-text\" role=\"textbox\" aria-label=\"Tekst liste\">Tehnologija u slu\u017ebi pedagogije u razli\u010ditom okru\u017eenju (u u\u010dionici, online, kombinirano): digitalne tehnologije kao potpora za organizaciju, vo\u0111enje i upravljanje nastavnim procesom, digitalne tehnologije kao potpora pra\u0107enju i vrednovanju, digitalni materijali namijenjeni u\u010denju i pou\u010davanju, integriranje i primjena razli\u010ditih digitalnih alata za u\u010denje kako bi se omogu\u0107ilo istra\u017eivanje i izra\u017eavanje kreativnosti kod u\u010denika, e-\u0160kole digitalni obrazovni sadr\u017eaji, e-\u0160kole scenariji pou\u010davanja, e-te\u010dajevi, digitalni izvori i materijali, otvoreni obrazovni sadr\u017eaji (OER), izrada vlastitih digitalnih sadr\u017eaja i digitalna kreativnost<\/div><\/li><li id=\"block-49f4b9ca-45ba-4758-a2ca-ca39fe93dbec\" class=\"block-editor-block-list__block wp-block is-multi-selected is-partially-selected wp-block-list-item block-editor-block-list__layout\" role=\"document\" aria-label=\"Blok: Stavka liste\" data-block=\"49f4b9ca-45ba-4758-a2ca-ca39fe93dbec\" data-type=\"core\/list-item\" data-title=\"Stavka liste\"><div class=\"block-editor-rich-text__editable rich-text\" role=\"textbox\" aria-label=\"Tekst liste\">Ozbiljne igre i igrifikacija, izazovi i igrifikacija u\u010denja, pou\u010davanja i natjecanja, escape rooms i druge vrste obrazovnih igara za poticanje motivacije, uklju\u010denosti u\u010denika u nastavni proces i razvoja vje\u0161tine rje\u0161avanja problema<\/div><\/li><li id=\"block-782bb737-9eeb-46c5-ae42-bddc92641358\" class=\"block-editor-block-list__block wp-block is-multi-selected is-partially-selected wp-block-list-item block-editor-block-list__layout\" role=\"document\" aria-label=\"Blok: Stavka liste\" data-block=\"782bb737-9eeb-46c5-ae42-bddc92641358\" data-type=\"core\/list-item\" data-title=\"Stavka liste\"><div class=\"block-editor-rich-text__editable rich-text\" role=\"textbox\" aria-label=\"Tekst liste\">Promicanje ra\u010dunalne sigurnosti i poticanje razvoja kompetencija odgojno-obrazovnih djelatnika i u\u010denika za primjereno, odgovorno, sigurno i svrhovito kori\u0161tenje interneta i digitalnih tehnologija, pou\u010davanje i prevencija elektroni\u010dkog nasilja<\/div><\/li><li id=\"block-33aebac5-a234-4388-b60f-ce2c60b4282d\" class=\"block-editor-block-list__block wp-block is-multi-selected is-partially-selected wp-block-list-item block-editor-block-list__layout\" role=\"document\" aria-label=\"Blok: Stavka liste\" data-block=\"33aebac5-a234-4388-b60f-ce2c60b4282d\" data-type=\"core\/list-item\" data-title=\"Stavka liste\"><div class=\"block-editor-rich-text__editable rich-text\" role=\"textbox\" aria-label=\"Tekst liste\">Rizici kori\u0161tenja digitalnih tehnologija u obrazovanju, digitalna ovisnost i mentalno zdravlje odgojno-obrazovnih djelatnika i u\u010denika.<\/div><\/li><\/ul><\/div>\n\t\t\t\t<\/div>\n\t\t\t\t\t\t\t<div class=\"elementor-accordion-item\">\n\t\t\t\t\t<div id=\"elementor-tab-title-1293\" class=\"elementor-tab-title\" data-tab=\"3\" role=\"tab\" aria-controls=\"elementor-tab-content-1293\" aria-expanded=\"false\">\n\t\t\t\t\t\t\t\t\t\t\t\t\t<span class=\"elementor-accordion-icon elementor-accordion-icon-left\" aria-hidden=\"true\">\n\t\t\t\t\t\t\t\t\t\t\t\t\t\t\t<span class=\"elementor-accordion-icon-closed\"><i class=\"fas fa-plus\"><\/i><\/span>\n\t\t\t\t\t\t\t\t<span class=\"elementor-accordion-icon-opened\"><i class=\"fas fa-minus\"><\/i><\/span>\n\t\t\t\t\t\t\t\t\t\t\t\t\t\t<\/span>\n\t\t\t\t\t\t\t\t\t\t\t\t<a class=\"elementor-accordion-title\" href=\"\">3. Obrazovanje bez prepreka<\/a>\n\t\t\t\t\t<\/div>\n\t\t\t\t\t<div id=\"elementor-tab-content-1293\" class=\"elementor-tab-content elementor-clearfix\" data-tab=\"3\" role=\"tabpanel\" aria-labelledby=\"elementor-tab-title-1293\"><div class=\"eael-accordion-list\"><div id=\"elementor-tab-content-4663\" class=\"eael-accordion-content clearfix\" role=\"tabpanel\" data-tab=\"3\" aria-labelledby=\"3-obrazovanje-bez-prepreka-\"><p>Podru\u010dja koja obuhva\u0107a: Digitalna pristupa\u010dnost, inkluzija, darovitost, raznolikost, asistivne tehnologije, jednakost u obrazovanju.<\/p><ul id=\"block-08d5f337-c6e3-4a5a-8452-1c4e9b5c0188\" class=\"block-editor-block-list__block wp-block has-child-selected wp-block-list block-editor-block-list__layout\" role=\"document\" aria-label=\"Blok: Lista\" data-block=\"08d5f337-c6e3-4a5a-8452-1c4e9b5c0188\" data-type=\"core\/list\" data-title=\"Lista\" data-is-drop-zone=\"true\"><li id=\"block-16b75d30-1e61-4651-996a-81fe8db0feb4\" class=\"block-editor-block-list__block wp-block is-multi-selected is-partially-selected wp-block-list-item block-editor-block-list__layout is-hovered\" role=\"document\" aria-label=\"Blok: Stavka liste\" data-block=\"16b75d30-1e61-4651-996a-81fe8db0feb4\" data-type=\"core\/list-item\" data-title=\"Stavka liste\"><div class=\"block-editor-rich-text__editable rich-text\" role=\"textbox\" aria-label=\"Tekst liste\">Pristupa\u010dno i inkluzivno u\u010denje i pou\u010davanje, pristupa\u010dnost u obrazovanju iz osobne i globalne perspektive, uklju\u010duju\u0107i prepreke pristupa\u010dnosti s kojima se u\u010denici suo\u010davaju poslije osnovne \u0161kole i studenti poslije srednje \u0161kole, inkluzija i empatija u razredu, razvoj kompetencija za rad s u\u010denicima s te\u0161ko\u0107ama u razvoju\/u\u010denju<\/div><\/li><li id=\"block-0086ada7-dab9-470e-91f8-65c94bd3beed\" class=\"block-editor-block-list__block wp-block is-multi-selected is-partially-selected wp-block-list-item block-editor-block-list__layout\" role=\"document\" aria-label=\"Blok: Stavka liste\" data-block=\"0086ada7-dab9-470e-91f8-65c94bd3beed\" data-type=\"core\/list-item\" data-title=\"Stavka liste\"><div class=\"block-editor-rich-text__editable rich-text\" role=\"textbox\" aria-label=\"Tekst liste\">Podr\u0161ka potencijalno darovitim i darovitim u\u010denicima, daroviti u\u010denici i u\u010denici koji \u017eele znati vi\u0161e, razvoj kompetencija za rad s darovitim u\u010denicima<\/div><\/li><li id=\"block-3936cf67-2a21-4511-af4c-04a5dad1ce81\" class=\"block-editor-block-list__block wp-block is-multi-selected is-partially-selected wp-block-list-item block-editor-block-list__layout\" role=\"document\" aria-label=\"Blok: Stavka liste\" data-block=\"3936cf67-2a21-4511-af4c-04a5dad1ce81\" data-type=\"core\/list-item\" data-title=\"Stavka liste\"><div class=\"block-editor-rich-text__editable rich-text\" role=\"textbox\" aria-label=\"Tekst liste\">Inkluzija pripadnika podzastupljenih i ranjivih skupina u\u010denika i u\u010denika izbjeglica u osnovne i srednje \u0161kole, dru\u0161tveno-korisno u\u010denje i volontiranje u zajednici, aktivno gra\u0111anstvo i uloga \u0161kole u zajednici<\/div><\/li><li id=\"block-fcb6dc07-5123-439a-913e-6924023e02c2\" class=\"block-editor-block-list__block wp-block is-multi-selected is-partially-selected wp-block-list-item block-editor-block-list__layout\" role=\"document\" aria-label=\"Blok: Stavka liste\" data-block=\"fcb6dc07-5123-439a-913e-6924023e02c2\" data-type=\"core\/list-item\" data-title=\"Stavka liste\"><div class=\"block-editor-rich-text__editable rich-text\" role=\"textbox\" aria-label=\"Tekst liste\">Asistivne tehnologije u komunikaciji i obrazovanju, augmentativna i alternativna komunikacija, smanjenje digitalnog jaza primjenom digitalnih alata i sadr\u017eaja i novim tehni\u010dkim rje\u0161enjima, pristupa\u010dnost dokumenata i multimedijskih sadr\u017eaja, tehnike i alati za izradu pristupa\u010dnih dokumenata i aplikacija, izrada pristupa\u010dnih infografika, videotitlova i opisa.<\/div><\/li><\/ul><\/div><\/div><\/div>\n\t\t\t\t<\/div>\n\t\t\t\t\t\t\t<div class=\"elementor-accordion-item\">\n\t\t\t\t\t<div id=\"elementor-tab-title-1294\" class=\"elementor-tab-title\" data-tab=\"4\" role=\"tab\" aria-controls=\"elementor-tab-content-1294\" aria-expanded=\"false\">\n\t\t\t\t\t\t\t\t\t\t\t\t\t<span class=\"elementor-accordion-icon elementor-accordion-icon-left\" aria-hidden=\"true\">\n\t\t\t\t\t\t\t\t\t\t\t\t\t\t\t<span class=\"elementor-accordion-icon-closed\"><i class=\"fas fa-plus\"><\/i><\/span>\n\t\t\t\t\t\t\t\t<span class=\"elementor-accordion-icon-opened\"><i class=\"fas fa-minus\"><\/i><\/span>\n\t\t\t\t\t\t\t\t\t\t\t\t\t\t<\/span>\n\t\t\t\t\t\t\t\t\t\t\t\t<a class=\"elementor-accordion-title\" href=\"\">4. Budu\u0107nost je sada<\/a>\n\t\t\t\t\t<\/div>\n\t\t\t\t\t<div id=\"elementor-tab-content-1294\" class=\"elementor-tab-content elementor-clearfix\" data-tab=\"4\" role=\"tabpanel\" aria-labelledby=\"elementor-tab-title-1294\"><p>Podru\u010dja koja obuhva\u0107a: Kodiranje, programiranje, ra\u010dunalno razmi\u0161ljanje i robotika u nastavi svih predmeta, umjetna inteligencija, eti\u010dna uporaba umjetne inteligencije u obrazovanju, prikupljanje, upotreba i za\u0161tita podataka, analitike u\u010denja, pro\u0161irena i virtualna stvarnost u kontekstu pou\u010davanja<\/p><ul id=\"block-abfcf61c-2641-4c0d-8be3-b7443c8ccd83\" class=\"block-editor-block-list__block wp-block has-child-selected wp-block-list block-editor-block-list__layout\" role=\"document\" aria-label=\"Blok: Lista\" data-block=\"abfcf61c-2641-4c0d-8be3-b7443c8ccd83\" data-type=\"core\/list\" data-title=\"Lista\" data-is-drop-zone=\"true\"><li id=\"block-862cd5ae-902a-4433-9b7a-38d957b2d0e9\" class=\"block-editor-block-list__block wp-block is-multi-selected is-partially-selected wp-block-list-item block-editor-block-list__layout is-hovered\" role=\"document\" aria-label=\"Blok: Stavka liste\" data-block=\"862cd5ae-902a-4433-9b7a-38d957b2d0e9\" data-type=\"core\/list-item\" data-title=\"Stavka liste\"><div class=\"block-editor-rich-text__editable rich-text\" role=\"textbox\" aria-label=\"Tekst liste\">Implementacija kodiranja, programiranja i ra\u010dunalnog razmi\u0161ljanja u svim predmetima kao poticaj na interdisciplinarni pristup, uporaba laboratorija digitalnog stvarala\u0161tva i tinker laboratorija, kodiranje bez tehnologije, robotika, alati, platforme i inicijative za pou\u010davanje kodiranja<\/div><\/li><li id=\"block-a7d61ef1-4f62-4cdc-ac46-9053d6c021f3\" class=\"block-editor-block-list__block wp-block is-multi-selected is-partially-selected wp-block-list-item block-editor-block-list__layout\" role=\"document\" aria-label=\"Blok: Stavka liste\" data-block=\"a7d61ef1-4f62-4cdc-ac46-9053d6c021f3\" data-type=\"core\/list-item\" data-title=\"Stavka liste\"><div class=\"block-editor-rich-text__editable rich-text\" role=\"textbox\" aria-label=\"Tekst liste\">Pro\u0161irena i virtualna stvarnost u nastavi, iskustveno u\u010denje i virtualna terenska nastava, priprema za struku i svijet rada, iskustva primjene 3D pisa\u010da u nastavi<\/div><\/li><li id=\"block-6acce311-1de8-460e-ba4b-15192d8fee8f\" class=\"block-editor-block-list__block wp-block is-multi-selected is-partially-selected wp-block-list-item block-editor-block-list__layout\" role=\"document\" aria-label=\"Blok: Stavka liste\" data-block=\"6acce311-1de8-460e-ba4b-15192d8fee8f\" data-type=\"core\/list-item\" data-title=\"Stavka liste\"><div class=\"block-editor-rich-text__editable rich-text\" role=\"textbox\" aria-label=\"Tekst liste\">Umjetna inteligencija kao potpora u\u010denju, pou\u010davanju, pra\u0107enju i vrednovanju, uporaba podataka i analitika u\u010denja za unaprje\u0111enje u\u010denja i pou\u010davanja, virtualni u\u010ditelji, digitalni asistenti i chatbots, AI trendovi i njihov utjecaj na u\u010denje i pou\u010davanje<\/div><\/li><li id=\"block-64d7b0ed-9cef-47fe-aee7-e7bb5203df6e\" class=\"block-editor-block-list__block wp-block is-multi-selected is-partially-selected wp-block-list-item block-editor-block-list__layout\" role=\"document\" aria-label=\"Blok: Stavka liste\" data-block=\"64d7b0ed-9cef-47fe-aee7-e7bb5203df6e\" data-type=\"core\/list-item\" data-title=\"Stavka liste\"><div class=\"block-editor-rich-text__editable rich-text\" role=\"textbox\" aria-label=\"Tekst liste\">Etika umjetne inteligencije, eti\u010dke smjernice za pouzdanu umjetnu inteligenciju i eti\u010dku uporabu podataka u obrazovanju, algoritamska pristranost, medijska pismenost i sinteti\u010dki mediji<\/div><\/li><li id=\"block-6fc55fbe-1b52-4a26-96ca-f99bb478c1f5\" class=\"block-editor-block-list__block wp-block is-multi-selected is-partially-selected wp-block-list-item block-editor-block-list__layout\" role=\"document\" aria-label=\"Blok: Stavka liste\" data-block=\"6fc55fbe-1b52-4a26-96ca-f99bb478c1f5\" data-type=\"core\/list-item\" data-title=\"Stavka liste\"><div class=\"block-editor-rich-text__editable rich-text\" role=\"textbox\" aria-label=\"Tekst liste\">Internet stvari u \u0161koli, inteligentni sustavi, pametni gradovi i pametna sela, meteorologija, ekologija i tehnologija za odr\u017eivi razvoj.<\/div><\/li><\/ul><\/div>\n\t\t\t\t<\/div>\n\t\t\t\t\t\t\t<div class=\"elementor-accordion-item\">\n\t\t\t\t\t<div id=\"elementor-tab-title-1295\" class=\"elementor-tab-title\" data-tab=\"5\" role=\"tab\" aria-controls=\"elementor-tab-content-1295\" aria-expanded=\"false\">\n\t\t\t\t\t\t\t\t\t\t\t\t\t<span class=\"elementor-accordion-icon elementor-accordion-icon-left\" aria-hidden=\"true\">\n\t\t\t\t\t\t\t\t\t\t\t\t\t\t\t<span class=\"elementor-accordion-icon-closed\"><i class=\"fas fa-plus\"><\/i><\/span>\n\t\t\t\t\t\t\t\t<span class=\"elementor-accordion-icon-opened\"><i class=\"fas fa-minus\"><\/i><\/span>\n\t\t\t\t\t\t\t\t\t\t\t\t\t\t<\/span>\n\t\t\t\t\t\t\t\t\t\t\t\t<a class=\"elementor-accordion-title\" href=\"\">5. \u0160kola iz snova<\/a>\n\t\t\t\t\t<\/div>\n\t\t\t\t\t<div id=\"elementor-tab-content-1295\" class=\"elementor-tab-content elementor-clearfix\" data-tab=\"5\" role=\"tabpanel\" aria-labelledby=\"elementor-tab-title-1295\"><p>Podru\u010dja koja obuhva\u0107a: Novi europski Bauhaus, aktivno u\u010denje, u\u010dionica budu\u0107nosti, fleksibilno okru\u017eenje za u\u010denje, centri izvrsnosti, inkluzivna i odr\u017eiva \u0161kola.<\/p><ul id=\"block-7a7a7484-9f99-4d40-a9f9-4650c7af55e3\" class=\"block-editor-block-list__block wp-block has-child-selected wp-block-list block-editor-block-list__layout\" role=\"document\" aria-label=\"Blok: Lista\" data-block=\"7a7a7484-9f99-4d40-a9f9-4650c7af55e3\" data-type=\"core\/list\" data-title=\"Lista\" data-is-drop-zone=\"true\"><li id=\"block-6cb55f98-9a67-4094-8b3d-f6169656cd84\" class=\"block-editor-block-list__block wp-block is-multi-selected is-partially-selected wp-block-list-item block-editor-block-list__layout\" role=\"document\" aria-label=\"Blok: Stavka liste\" data-block=\"6cb55f98-9a67-4094-8b3d-f6169656cd84\" data-type=\"core\/list-item\" data-title=\"Stavka liste\"><div class=\"block-editor-rich-text__editable rich-text\" role=\"textbox\" aria-label=\"Tekst liste\">Novi europski Bauhaus &#8211; vizija \u0161kole iz snova izgra\u0111ena na vrijednostima uklju\u010divosti, ljepote i odr\u017eivosti, \u0161kola izvan okvira, \u0161kole bez zidova, novi oblici kori\u0161tenja prostora za nove oblike pou\u010davanja, fleksibilni prostori za u\u010denje, u\u010denje u u\u010dionici, u virtualnom i kombiniranom okru\u017eenju, prostor kao mjesto za aktivno u\u010denje i kao faktor motivacije, koncept prostora kao integralni dio nastavnog procesa, pristupa\u010dan prostor<\/div><\/li><li id=\"block-51bf8042-a9cd-43f7-b331-fba61ad8c563\" class=\"block-editor-block-list__block wp-block is-multi-selected is-partially-selected wp-block-list-item block-editor-block-list__layout\" role=\"document\" aria-label=\"Blok: Stavka liste\" data-block=\"51bf8042-a9cd-43f7-b331-fba61ad8c563\" data-type=\"core\/list-item\" data-title=\"Stavka liste\"><div class=\"block-editor-rich-text__editable rich-text\" role=\"textbox\" aria-label=\"Tekst liste\">Aktivno u\u010denje, u\u010denik u sredi\u0161tu nastavnog procesa, u\u010denje radom, inovativne metode u\u010denja i pou\u010davanja, suradni\u010dki virtualni projekti, izgradnja virtualnih svjetova, vr\u0161nja\u010dko pou\u010davanje<\/div><\/li><li id=\"block-7bc282fe-80cb-4983-8b56-73f6687c9325\" class=\"block-editor-block-list__block wp-block is-multi-selected is-partially-selected wp-block-list-item block-editor-block-list__layout\" role=\"document\" aria-label=\"Blok: Stavka liste\" data-block=\"7bc282fe-80cb-4983-8b56-73f6687c9325\" data-type=\"core\/list-item\" data-title=\"Stavka liste\"><div class=\"block-editor-rich-text__editable rich-text\" role=\"textbox\" aria-label=\"Tekst liste\">Regionalni centri izvrsnosti i kompetentnosti, regionalni obrazovni centri, u\u010dionice budu\u0107nosti, \u0161kola u kojoj se me\u0111upredmetnim osmi\u0161ljavanjem nastavnog sadr\u017eaja obra\u0111uju pojavnosti relevantne za \u017eivot lokalne zajednice<\/div><\/li><li id=\"block-6f434677-66f8-4395-9676-ef12bd3cfd3a\" class=\"block-editor-block-list__block wp-block is-multi-selected is-partially-selected wp-block-list-item block-editor-block-list__layout\" role=\"document\" aria-label=\"Blok: Stavka liste\" data-block=\"6f434677-66f8-4395-9676-ef12bd3cfd3a\" data-type=\"core\/list-item\" data-title=\"Stavka liste\"><div class=\"block-editor-rich-text__editable rich-text\" role=\"textbox\" aria-label=\"Tekst liste\">Razvoj \u0161kole i unaprje\u0111enje nastave suradnjom s drugim institucijama, tvrtkama i udrugama, startupovi, dualno obrazovanje, povezivanje op\u0107eg i strukovnog obrazovanja sa svijetom rada, stjecanje strukovnih znanja i vje\u0161tina, promicanje Europske godine vje\u0161tina za poticanje konkurentnosti, inovativnosti i kreativnosti.<\/div><\/li><\/ul><\/div>\n\t\t\t\t<\/div>\n\t\t\t\t\t\t\t\t<\/div>\n\t\t\t\t<\/div>\n\t\t\t\t<\/div>\n\t\t\t\t<div class=\"elementor-element elementor-element-35a9ac9 elementor-widget elementor-widget-spacer\" data-id=\"35a9ac9\" data-element_type=\"widget\" data-widget_type=\"spacer.default\">\n\t\t\t\t<div class=\"elementor-widget-container\">\n\t\t\t\t\t<div class=\"elementor-spacer\">\n\t\t\t<div class=\"elementor-spacer-inner\"><\/div>\n\t\t<\/div>\n\t\t\t\t<\/div>\n\t\t\t\t<\/div>\n\t\t\t\t<div class=\"elementor-element elementor-element-7f57050 elementor-widget elementor-widget-heading\" data-id=\"7f57050\" data-element_type=\"widget\" data-widget_type=\"heading.default\">\n\t\t\t\t<div class=\"elementor-widget-container\">\n\t\t\t<h2 class=\"elementor-heading-title elementor-size-default\">Formati prijave\n<\/h2>\t\t<\/div>\n\t\t\t\t<\/div>\n\t\t\t\t<div class=\"elementor-element elementor-element-966d4e5 elementor-widget elementor-widget-accordion\" data-id=\"966d4e5\" data-element_type=\"widget\" data-widget_type=\"accordion.default\">\n\t\t\t\t<div class=\"elementor-widget-container\">\n\t\t\t\t\t<div class=\"elementor-accordion\" role=\"tablist\">\n\t\t\t\t\t\t\t<div class=\"elementor-accordion-item\">\n\t\t\t\t\t<div id=\"elementor-tab-title-1571\" class=\"elementor-tab-title\" data-tab=\"1\" role=\"tab\" aria-controls=\"elementor-tab-content-1571\" aria-expanded=\"false\">\n\t\t\t\t\t\t\t\t\t\t\t\t\t<span class=\"elementor-accordion-icon elementor-accordion-icon-left\" aria-hidden=\"true\">\n\t\t\t\t\t\t\t\t\t\t\t\t\t\t\t<span class=\"elementor-accordion-icon-closed\"><i class=\"fas fa-plus\"><\/i><\/span>\n\t\t\t\t\t\t\t\t<span class=\"elementor-accordion-icon-opened\"><i class=\"fas fa-minus\"><\/i><\/span>\n\t\t\t\t\t\t\t\t\t\t\t\t\t\t<\/span>\n\t\t\t\t\t\t\t\t\t\t\t\t<a class=\"elementor-accordion-title\" href=\"\">Interaktivno izlaganje<\/a>\n\t\t\t\t\t<\/div>\n\t\t\t\t\t<div id=\"elementor-tab-content-1571\" class=\"elementor-tab-content elementor-clearfix\" data-tab=\"1\" role=\"tabpanel\" aria-labelledby=\"elementor-tab-title-1571\"><div class=\"eael-accordion-list\"><div id=\"elementor-tab-content-2131\" class=\"eael-accordion-content clearfix\" role=\"tabpanel\" data-tab=\"1\" aria-labelledby=\"interaktivno-izlaganje-\"><p>Prijava za interaktivno izlaganje treba sadr\u017eavati primjere iz prakse: uporaba novog alata ili programa, inovativne nastavne metode i sli\u010dno. Potrebno je zorno prezentirati konkretan alat, program, metodu i dostupne podatke s posebnim naglaskom na korisni\u010dko iskustvo. Mogu\u0107e je prikazati i rad na nekom projektu koji jo\u0161 nije rezultirao zavr\u0161nim podacima i zaklju\u010dcima.<\/p><p>Uz razmjenu ideja i interakciju sa sudionicima, interaktivno izlaganje koristi i PowerPoint prezentaciju.<\/p><p>Predvi\u0111eno je vrijeme za interaktivno izlaganje 15 minuta. U to vrijeme uklju\u010dena su i pitanja publike.<\/p><p><strong>Kako Uobli\u010diti Prijavu Za Interaktivno Izlaganje?<\/strong><\/p><p>Prijava treba uklju\u010divati odgovore na pitanja:<\/p><ul><li>koji je cilj uporabe tehnologije koja se prezentira interaktivnim izlaganjem?<\/li><li>Ako je tema Va\u0161eg interaktivnog izlaganja npr. kori\u0161tenje odre\u0111enog digitalnog alata, pojasnite nove funkcionalnosti u alatu, kako doprinosi u\u010denju i poticanju razvoja vje\u0161tina, koje izazove i probleme rje\u0161ava i za\u0161to koristite upravo taj alat.<\/li><li>koji su o\u010dekivani (po mogu\u0107nosti mjerljivi) ishodi provedene aktivnosti?<\/li><li>kratak opis alata\/programa\/metode?<\/li><li>za\u0161to je izabran taj alat\/program\/metoda i \u0161to se njegovom uporabom rje\u0161ava?<\/li><li>koje su nau\u010dene lekcije?<\/li><li>Na koje ste probleme nailazili i kako ste ih rje\u0161avali? \u0160to je bilo dobro, a \u0161to nije u primjeni alata\/programa\/metode i kako ih unaprijediti?<\/li><li>koji su planovi za budu\u0107nost? Na koji \u0107ete na\u010din koristiti alat\/program\/metodu u budu\u0107nosti, s obzirom na iskustvo koje ste stekli?<\/li><li>klju\u010dne rije\u010di.<\/li><\/ul><\/div><\/div><\/div>\n\t\t\t\t<\/div>\n\t\t\t\t\t\t\t<div class=\"elementor-accordion-item\">\n\t\t\t\t\t<div id=\"elementor-tab-title-1572\" class=\"elementor-tab-title\" data-tab=\"2\" role=\"tab\" aria-controls=\"elementor-tab-content-1572\" aria-expanded=\"false\">\n\t\t\t\t\t\t\t\t\t\t\t\t\t<span class=\"elementor-accordion-icon elementor-accordion-icon-left\" aria-hidden=\"true\">\n\t\t\t\t\t\t\t\t\t\t\t\t\t\t\t<span class=\"elementor-accordion-icon-closed\"><i class=\"fas fa-plus\"><\/i><\/span>\n\t\t\t\t\t\t\t\t<span class=\"elementor-accordion-icon-opened\"><i class=\"fas fa-minus\"><\/i><\/span>\n\t\t\t\t\t\t\t\t\t\t\t\t\t\t<\/span>\n\t\t\t\t\t\t\t\t\t\t\t\t<a class=\"elementor-accordion-title\" href=\"\">Radionica<\/a>\n\t\t\t\t\t<\/div>\n\t\t\t\t\t<div id=\"elementor-tab-content-1572\" class=\"elementor-tab-content elementor-clearfix\" data-tab=\"2\" role=\"tabpanel\" aria-labelledby=\"elementor-tab-title-1572\"><p>Radionica je format u kojem autor prezentira i putem razli\u010ditih alata prenosi znanje sudionicima koji aktivno i prakti\u010dno sudjeluju.<\/p><p>Predvi\u0111eno je vrijeme za odr\u017eavanje radionice 90 minuta. U vrijeme odr\u017eavanja uklju\u010dena su i pitanja publike.<\/p><p><strong>Kako Oblikovati Prijavu Za Radionicu?<\/strong><\/p><ul><li>navesti ishode u\u010denja za polaznike radionice (prikazati iz perspektive polaznika): \u0160to \u0107e polaznici nau\u010diti\/svladati\/biti sposobni napraviti nakon poha\u0111anja radionice. Na primjer, nakon poha\u0111anja radionice o Moodleu polaznici \u0107e mo\u0107i: ulogirati se, pregledavati materijale, koristiti forum i kalendar i predati zadatak.<\/li><li>definirati ciljane grupe: Kome je radionica namijenjena? Kakvog su profila o\u010dekivani polaznici?<\/li><li>definirati potrebna predznanja polaznika radionice: Koja su prethodno ste\u010dena znanja, vje\u0161tine ili iskustva neophodna?<\/li><li>definirati razinu predznanja: osnovna, srednja ili napredna?<\/li><li>odrediti veli\u010dinu grupe: Koliki je minimalan broj prijavljenih polaznika ispod kojeg se radionica ne\u0107e odr\u017eati? Koliki je maksimalan broj polaznika?<\/li><li>predstaviti metode koje \u0107e se koristiti:<ul><li>predavanje<\/li><li>prezentacija s predava\u010dkog ra\u010dunala<\/li><li>grupni rad polaznika, uz kori\u0161tenje ra\u010dunala ili bez<\/li><li>individualan rad polaznika, na ra\u010dunalu ili bez<\/li><li>neki drugi oblik rada (koji?)<\/li><\/ul><\/li><li>klju\u010dne rije\u010di.<\/li><\/ul><\/div>\n\t\t\t\t<\/div>\n\t\t\t\t\t\t\t<div class=\"elementor-accordion-item\">\n\t\t\t\t\t<div id=\"elementor-tab-title-1573\" class=\"elementor-tab-title\" data-tab=\"3\" role=\"tab\" aria-controls=\"elementor-tab-content-1573\" aria-expanded=\"false\">\n\t\t\t\t\t\t\t\t\t\t\t\t\t<span class=\"elementor-accordion-icon elementor-accordion-icon-left\" aria-hidden=\"true\">\n\t\t\t\t\t\t\t\t\t\t\t\t\t\t\t<span class=\"elementor-accordion-icon-closed\"><i class=\"fas fa-plus\"><\/i><\/span>\n\t\t\t\t\t\t\t\t<span class=\"elementor-accordion-icon-opened\"><i class=\"fas fa-minus\"><\/i><\/span>\n\t\t\t\t\t\t\t\t\t\t\t\t\t\t<\/span>\n\t\t\t\t\t\t\t\t\t\t\t\t<a class=\"elementor-accordion-title\" href=\"\"> Konferencijski rad<\/a>\n\t\t\t\t\t<\/div>\n\t\t\t\t\t<div id=\"elementor-tab-content-1573\" class=\"elementor-tab-content elementor-clearfix\" data-tab=\"3\" role=\"tabpanel\" aria-labelledby=\"elementor-tab-title-1573\"><div class=\"eael-accordion-list\"><div id=\"elementor-tab-content-2133\" class=\"eael-accordion-content clearfix\" role=\"tabpanel\" data-tab=\"3\" aria-labelledby=\"konferencijski-rad\"><p>U konferencijskom radu razmatraju se rezultati i teorije koji nisu nu\u017eno izvorni, ve\u0107 su i ranije bili poznati. Autor koji prijavljuje rad za konferenciju \u201eCUC 2023: Era digitalne zrelosti\u201c mo\u017ee opisivati iskustva u primjeni znanstvenih rezultata, kao i ostala iskustva ste\u010dena radom i projektima u edukaciji, znanosti, medijima i informacijsko-komunikacijskoj tehnologiji.<\/p><p>Predvi\u0111eno je vrijeme za prezentaciju konferencijskog rada 15 minuta, u \u0161to je uklju\u010deno i vrijeme za pitanja publike.<\/p><p>Odabrani \u0107e radovi biti razmotreni za objavljivanje u konferencijskom zborniku.<\/p><p><strong>Kako Oblikovati Prijavu Za Konferencijski Rad?<\/strong><\/p><ul><li>Struktura: uvod, opis rada i rezultata i zaklju\u010dci<\/li><li>Opseg: najvi\u0161e osam (8) stranica U opseg ulazi i sa\u017eetak od najvi\u0161e 250 rije\u010di, popis kori\u0161tene literature (oblikovan po metodi broj\u010danih bilje\u017eaka), slike i ostali grafi\u010dki prikazi<\/li><li>Format prijave: PDF dokument<\/li><li>Veli\u010dina datoteke: maksimalno 25 MB<\/li><li>Prijava konferencijskog rada mora biti anonimna.<\/li><\/ul><p>Predlo\u017eak za tekst konferencijskog rada mo\u017eete preuzeti s:<\/p><p>https:\/\/docs.google.com\/document\/d\/1baq86zeUytTQoIQfmesdlVZ6cnJMrMBltGJJ0e_G1VE\/edit\u00a0<\/p><p>Pri osmi\u0161ljavanju prijave preporu\u010dujemo uzeti u obzir: Naslov je naj\u010ditaniji i najvidljiviji dio rada jer se zajedno s imenom autora objavljuje u programu konferencije. Na temelju naslova sudionici uglavnom odlu\u010duju poha\u0111ati izlaganje ili radionicu. Zato je iznimno va\u017eno da naslov bude kratak, sa\u017eet i zanimljiv.<\/p><p>U obrascu za prijavu pojavljuju se dvije verzije naslova:<\/p><ul><li>Kratak naslov rada verzija je naslova koja \u0107e biti objavljena u programu konferencije i obvezan je. Maksimalan je broj znakova 60.<\/li><li>Dugi naslov pro\u0161irena je verzija kratkog naslova. Unos dugog naslova nije obvezan, ali omogu\u0107ava priliku prenijeti ideju rada ako to nije bilo mogu\u0107e u kratkom naslovu.<\/li><\/ul><\/div><\/div><\/div>\n\t\t\t\t<\/div>\n\t\t\t\t\t\t\t<div class=\"elementor-accordion-item\">\n\t\t\t\t\t<div id=\"elementor-tab-title-1574\" class=\"elementor-tab-title\" data-tab=\"4\" role=\"tab\" aria-controls=\"elementor-tab-content-1574\" aria-expanded=\"false\">\n\t\t\t\t\t\t\t\t\t\t\t\t\t<span class=\"elementor-accordion-icon elementor-accordion-icon-left\" aria-hidden=\"true\">\n\t\t\t\t\t\t\t\t\t\t\t\t\t\t\t<span class=\"elementor-accordion-icon-closed\"><i class=\"fas fa-plus\"><\/i><\/span>\n\t\t\t\t\t\t\t\t<span class=\"elementor-accordion-icon-opened\"><i class=\"fas fa-minus\"><\/i><\/span>\n\t\t\t\t\t\t\t\t\t\t\t\t\t\t<\/span>\n\t\t\t\t\t\t\t\t\t\t\t\t<a class=\"elementor-accordion-title\" href=\"\">Birds of a Feather (BoF)<\/a>\n\t\t\t\t\t<\/div>\n\t\t\t\t\t<div id=\"elementor-tab-content-1574\" class=\"elementor-tab-content elementor-clearfix\" data-tab=\"4\" role=\"tabpanel\" aria-labelledby=\"elementor-tab-title-1574\"><p>BoF je oblik konferencijskog doga\u0111anja koje omogu\u0107ava neformalno okru\u017eenje za razgovor o temi koja je zajedni\u010dka i interesantna odre\u0111enom broju sudionika. Za razliku od prezentacija, okruglih stolova ili radionica koji su obi\u010dno stro\u017ee strukture, BoF-ovi su prilika za neformalnu raspravu u kojoj svatko mo\u017ee ravnopravno sudjelovati i doprinijeti svojim razmi\u0161ljanjima, idejama, iskustvima i prijedlozima. Upravo vas zato pozivamo da se svojim prijedlozima tema za diskusiju ravnopravno uklju\u010dite i u osmi\u0161ljavanje programa. Radujemo se zajedni\u010dkom promi\u0161ljanju!<\/p><p><strong>Kako Uobli\u010diti Prijavu Za BoF?<\/strong><\/p><ul><li>definirati naziv, zna\u010daj i relevantnost teme \/ trenda<\/li><li>definirati trajanje \u2013 45 ili 90 minuta<\/li><li>navesti ishode u\u010denja za polaznike radionice (prikazati iz perspektive polaznika): \u0160to \u0107e polaznici nau\u010diti nakon sudjelovanja u diskusiji?<\/li><li>definirati ciljane grupe: Kome je BoF namijenjen? Kakvog su profila o\u010dekivani polaznici?<\/li><li>navesti voditelja diskusije i objasniti kako njegova stru\u010dnost, znanje, iskustvo, konstruktivnost, doprinose diskusiji<\/li><li>navesti na\u010dine poticanja sudjelovanja publike<\/li><li>klju\u010dne rije\u010di.<\/li><\/ul><\/div>\n\t\t\t\t<\/div>\n\t\t\t\t\t\t\t\t<\/div>\n\t\t\t\t<\/div>\n\t\t\t\t<\/div>\n\t\t\t\t<div class=\"elementor-element elementor-element-4cdebb1 elementor-widget elementor-widget-spacer\" data-id=\"4cdebb1\" data-element_type=\"widget\" data-widget_type=\"spacer.default\">\n\t\t\t\t<div class=\"elementor-widget-container\">\n\t\t\t\t\t<div class=\"elementor-spacer\">\n\t\t\t<div class=\"elementor-spacer-inner\"><\/div>\n\t\t<\/div>\n\t\t\t\t<\/div>\n\t\t\t\t<\/div>\n\t\t\t\t<div class=\"elementor-element elementor-element-e7369c5 elementor-widget elementor-widget-heading\" data-id=\"e7369c5\" data-element_type=\"widget\" data-widget_type=\"heading.default\">\n\t\t\t\t<div class=\"elementor-widget-container\">\n\t\t\t<h2 class=\"elementor-heading-title elementor-size-default\">Kriteriji za recenziju radova<\/h2>\t\t<\/div>\n\t\t\t\t<\/div>\n\t\t\t\t<div class=\"elementor-element elementor-element-b5364aa elementor-widget elementor-widget-text-editor\" data-id=\"b5364aa\" data-element_type=\"widget\" data-widget_type=\"text-editor.default\">\n\t\t\t\t<div class=\"elementor-widget-container\">\n\t\t\t\t\t\t\t<p>Prijave \u0107e se za konferenciju recenzirati prema sljede\u0107im kriterijima:<\/p>\n<ol>\n<li>Doprinos konferenciji i povezanost s temama konferencije\/Aktualnost teme: u kojoj mjeri prijava doprinosi konferenciji, na koji je na\u010din povezana s temom konferencije, je li tema aktualna i zanimljiva za sudionike konferencije.<\/li>\n<li>Inovativnost\/Originalnost pedago\u0161ke prakse: obuhva\u0107a li prijava inovativan pristup u\u010denju i pou\u010davanju izvan uobi\u010dajenih okvira, je li prijava originalna, kreativna i druk\u010dija.<\/li>\n<li>Primjenjivost\/Relevantnost prijave: u kojoj je mjeri prijava relevantna i primjenjiva u razli\u010ditim predmetima i kontekstima u\u010denja i pou\u010davanja.<\/li>\n<li>Kvaliteta i jasno\u0107a prijave: je li prijava cjelovita, jasno, precizno i kvalitetno napisana, dobro osmi\u0161ljena i razra\u0111ena, sadr\u017ei li sve tra\u017eene elemente prema uputama za odabrani format.<\/li>\n<\/ol>\t\t\t\t\t\t<\/div>\n\t\t\t\t<\/div>\n\t\t\t\t<div class=\"elementor-element elementor-element-f37b992 elementor-widget elementor-widget-spacer\" data-id=\"f37b992\" data-element_type=\"widget\" data-widget_type=\"spacer.default\">\n\t\t\t\t<div class=\"elementor-widget-container\">\n\t\t\t\t\t<div class=\"elementor-spacer\">\n\t\t\t<div class=\"elementor-spacer-inner\"><\/div>\n\t\t<\/div>\n\t\t\t\t<\/div>\n\t\t\t\t<\/div>\n\t\t\t\t\t<\/div>\n\t\t<\/div>\n\t\t\t\t\t\t\t<\/div>\n\t\t<\/section>\n\t\t\t\t<section class=\"elementor-section elementor-top-section elementor-element elementor-element-abf338b elementor-section-boxed elementor-section-height-default elementor-section-height-default\" data-id=\"abf338b\" data-element_type=\"section\">\n\t\t\t\t\t\t<div class=\"elementor-container elementor-column-gap-default\">\n\t\t\t\t\t<div class=\"elementor-column elementor-col-100 elementor-top-column elementor-element elementor-element-7eea6e5\" data-id=\"7eea6e5\" data-element_type=\"column\">\n\t\t\t<div class=\"elementor-widget-wrap elementor-element-populated\">\n\t\t\t\t\t\t\t\t<div class=\"elementor-element elementor-element-a57d50d elementor-widget elementor-widget-spacer\" data-id=\"a57d50d\" data-element_type=\"widget\" data-widget_type=\"spacer.default\">\n\t\t\t\t<div class=\"elementor-widget-container\">\n\t\t\t\t\t<div class=\"elementor-spacer\">\n\t\t\t<div class=\"elementor-spacer-inner\"><\/div>\n\t\t<\/div>\n\t\t\t\t<\/div>\n\t\t\t\t<\/div>\n\t\t\t\t\t<\/div>\n\t\t<\/div>\n\t\t\t\t\t\t\t<\/div>\n\t\t<\/section>\n\t\t\t\t\t\t\t<\/div>\n\t\t","protected":false},"excerpt":{"rendered":"<p>Poziv za radove Prijave za radove su zatvorene! Rezultati recenzije bit \u0107e objavljeni 17. velja\u010de 2023. Teme 1. Digitalna osna\u017eenost Podru\u010dja koja obuhva\u0107a: Digitalna zrelost \u0161kola, kontinuirani profesionalni razvoj i kontinuirano unaprje\u0111enje digitalnih kompetencija odgojno-obrazovnih djelatnika i u\u010denika, dijeljenje znanja, vr\u0161nja\u010dko u\u010denje i globalno umre\u017eavanje, sigurnosni aspekti i upravljanje digitalno zrelim \u0161kolama, digitalna transformacija nenastavnih [&hellip;]<\/p>\n","protected":false},"author":2,"featured_media":0,"parent":0,"menu_order":0,"comment_status":"closed","ping_status":"closed","template":"","meta":{"footnotes":""},"class_list":["post-148","page","type-page","status-publish","hentry"],"_links":{"self":[{"href":"https:\/\/cuc.carnet.hr\/2023\/wp-json\/wp\/v2\/pages\/148","targetHints":{"allow":["GET"]}}],"collection":[{"href":"https:\/\/cuc.carnet.hr\/2023\/wp-json\/wp\/v2\/pages"}],"about":[{"href":"https:\/\/cuc.carnet.hr\/2023\/wp-json\/wp\/v2\/types\/page"}],"author":[{"embeddable":true,"href":"https:\/\/cuc.carnet.hr\/2023\/wp-json\/wp\/v2\/users\/2"}],"replies":[{"embeddable":true,"href":"https:\/\/cuc.carnet.hr\/2023\/wp-json\/wp\/v2\/comments?post=148"}],"version-history":[{"count":72,"href":"https:\/\/cuc.carnet.hr\/2023\/wp-json\/wp\/v2\/pages\/148\/revisions"}],"predecessor-version":[{"id":735,"href":"https:\/\/cuc.carnet.hr\/2023\/wp-json\/wp\/v2\/pages\/148\/revisions\/735"}],"wp:attachment":[{"href":"https:\/\/cuc.carnet.hr\/2023\/wp-json\/wp\/v2\/media?parent=148"}],"curies":[{"name":"wp","href":"https:\/\/api.w.org\/{rel}","templated":true}]}}